{"type":"video","version":"1.0","provider_name":"Dailymotion","provider_url":"https:\/\/www.dailymotion.com","title":"Cumhurba\u015fkan\u0131 Erdo\u011fan: Kritik ila\u00e7lar\u0131 art\u0131k T\u00fcrkiye \u00fcretecek","description":"Cumhurba\u015fkan\u0131 Recep Tayyip Erdo\u011fan, kandan elde edilen kritik ila\u00e7lar\u0131n art\u0131k T\u00fcrkiye\u2019de \u00fcretilece\u011fini belirterek, bu ad\u0131mla T\u00fcrkiye\u2019nin kritik ila\u00e7 \u00fcreten \u00fclkeler aras\u0131na kat\u0131laca\u011f\u0131n\u0131 ve d\u0131\u015fa ba\u011f\u0131ml\u0131l\u0131\u011f\u0131n sona erece\u011fini s\u00f6yledi.","author_name":"ENSONHABER","author_url":"https:\/\/www.dailymotion.com\/ensonhaber","width":480,"height":269,"html":"<iframe frameborder=\"0\" width=\"480\" height=\"269\" src=\"https:\/\/geo.dailymotion.com\/player.html?video=xaejgl2&\" allowfullscreen allow=\"autoplay; fullscreen; picture-in-picture; web-share\"><\/iframe>","thumbnail_url":"https:\/\/s1.dmcdn.net\/v\/bVn2s1gAr3aOlx4JM\/x240","thumbnail_width":427,"thumbnail_height":240}