{"type":"video","version":"1.0","provider_name":"Dailymotion","provider_url":"https:\/\/www.dailymotion.com","title":"Monflanquin : la bastide en \u00e9t\u00e9 et ses environs","description":"L'\u00e9te, saison o\u00f9 la bastide met en valeur son patrimoine architectural par une riche activit\u00e9 : march\u00e9s sur la place et au bas de la bastide, f\u00eate m\u00e9di\u00e9vale, musique, expositions de peintres, brocante, foire des producteurs, visite du mus\u00e9e des bastides. 750 ans apr\u00e8s sa cr\u00e9ation Monflanquin vit et le fait savoir.","author_name":"georges odo","author_url":"https:\/\/www.dailymotion.com\/yesoui","width":480,"height":360,"html":"<iframe frameborder=\"0\" width=\"480\" height=\"360\" src=\"https:\/\/geo.dailymotion.com\/player.html?video=xaejf0&\" allowfullscreen allow=\"autoplay; fullscreen; picture-in-picture; web-share\"><\/iframe>","thumbnail_url":"https:\/\/s2.dmcdn.net\/v\/12gFC1gZZcA9UXKuA\/x240","thumbnail_width":320,"thumbnail_height":240}