{"type":"video","version":"1.0","provider_name":"Dailymotion","provider_url":"https:\/\/www.dailymotion.com","title":"Comenz\u00f3 la segunda convocatoria de inscripci\u00f3n para las Becas Progresar","description":"La Secretar\u00eda de Educaci\u00f3n de la Naci\u00f3n oficializ\u00f3 la apertura de una segunda convocatoria para las Becas Progresar 2025. La medida, dispuesta mediante la Resoluci\u00f3n 838\/2025, incluye una serie de modificaciones en los requisitos de acceso y en los criterios de evaluaci\u00f3n socioecon\u00f3mica, con el objetivo de ampliar la cobertura y garantizar la permanencia de los estudiantes en el sistema educativo.","author_name":"Misiones Online","author_url":"https:\/\/www.dailymotion.com\/misionesonline","width":480,"height":269,"html":"<iframe frameborder=\"0\" width=\"480\" height=\"269\" src=\"https:\/\/geo.dailymotion.com\/player.html?video=x9o7h8s&\" allowfullscreen allow=\"autoplay; fullscreen; picture-in-picture; web-share\"><\/iframe>","thumbnail_url":"https:\/\/s1.dmcdn.net\/v\/Yt2yC1ebbAuiZ0W7g\/x240","thumbnail_width":427,"thumbnail_height":240}