{"type":"video","version":"1.0","provider_name":"Dailymotion","provider_url":"https:\/\/www.dailymotion.com","title":"Konya okullar tatil mi SON DAK\u0130KA? 13 \u015eubat Per\u015fembe Konya okul yok mu (Konya Valili\u011fi A\u00e7\u0131klamas\u0131 \u2013 KAR TAT\u0130L\u0130)?","description":"Meteoroloji Genel M\u00fcd\u00fcrl\u00fc\u011f\u00fc'n\u00fcn uyar\u0131lar\u0131 sonras\u0131nda T\u00fcrkiye'nin bir\u00e7ok b\u00f6lgesinde kar ya\u011f\u0131\u015f\u0131 ba\u015flad\u0131. Diyarbak\u0131r'da ise okullar\u0131n tatil olup olmayaca\u011f\u0131na dair hen\u00fcz bir a\u00e7\u0131klama yap\u0131lmad\u0131. Meteoroloji, bir\u00e7ok il i\u00e7in daha kuvvetli kar ya\u011f\u0131\u015f\u0131 uyar\u0131s\u0131nda bulundu. \u00dclkemizin genelinde par\u00e7al\u0131 ve \u00e7ok bulutlu bir hava hakim. Ya\u011f\u0131\u015flar\u0131n; Orta ve Do\u011fu Karadeniz k\u0131y\u0131lar\u0131, Akdeniz k\u0131y\u0131lar\u0131 ile Diyarbak\u0131r, \u015eanl\u0131urfa ve Mardin \u00e7evrelerinde ya\u011fmur var. Peki, Konya okullar tatil mi SON DAK\u0130KA? Meteoroloji Genel M\u00fcd\u00fcrl\u00fc\u011f\u00fc'n\u00fcn uyar\u0131lar\u0131n\u0131n ard\u0131ndan T\u00fcrkiye'nin bir\u00e7ok b\u00f6lgesinde kar ya\u011f\u0131\u015f\u0131 ba\u015flad\u0131. Karla m\u00fccadele ekipleri \u00e7al\u0131\u015fmalar\u0131n\u0131 s\u00fcrd\u00fcr\u00fcrken, Meteoroloji'den bir\u00e7ok il i\u00e7in daha kuvvetli kar ya\u011f\u0131\u015f\u0131 uyar\u0131s\u0131 yap\u0131ld\u0131.hbrlr1.com\/ctlytccbkckckl","author_name":"Haberler.com","author_url":"https:\/\/www.dailymotion.com\/haberler","width":480,"height":269,"html":"<iframe frameborder=\"0\" width=\"480\" height=\"269\" src=\"https:\/\/geo.dailymotion.com\/player.html?video=x9e4bs8&\" allowfullscreen allow=\"autoplay; fullscreen; picture-in-picture; web-share\"><\/iframe>","thumbnail_url":"https:\/\/s1.dmcdn.net\/v\/XsQQe1dhI0SbjNYm8\/x240","thumbnail_width":427,"thumbnail_height":240}