{"type":"video","version":"1.0","provider_name":"Dailymotion","provider_url":"https:\/\/www.dailymotion.com","title":"CHP Kurultay\u0131'na Soru\u015fturma... K\u0131l\u0131\u00e7daro\u011flu'nun Avukat\u0131 Celal \u00c7elik: \"Genel Ba\u015fkan\u0131m\u0131z \u0130fade Vermeyecek, Say\u0131n Erdo\u011fan Dinlensin\"","description":"Ankara Cumhuriyet Ba\u015fsavc\u0131l\u0131\u011f\u0131 taraf\u0131ndan CHP\u2019nin 38. Ola\u011fan Kurultay\u0131 ile ilgili ba\u015flat\u0131lan soru\u015fturma kapsam\u0131nda eski Genel Ba\u015fkan Kemal K\u0131l\u0131\u00e7daro\u011flu\u2019nun tan\u0131k olarak dinlenilece\u011finin duyurulmas\u0131n\u0131n ard\u0131ndan K\u0131l\u0131\u00e7daro\u011flu\u2019nun avukat\u0131 bu talebe itiraz ederek, \"Biz Ba\u015fsavc\u0131l\u0131\u011fa \u015funu ifade ettik, \u2018Say\u0131n Genel Ba\u015fkan\u0131m\u0131z\u0131n \u00f6zel bir bilgisi yoktur. Genel Ba\u015fkan\u0131m\u0131z Savc\u0131l\u0131\u011fa gelmeyecektir, ifade vermeyecektir. Muhatap Say\u0131n Erdo\u011fan\u2019d\u0131r. \u00c7\u00fcnk\u00fc 5 kez \u2018\u015faibeli kurultay\u2019 laf\u0131n\u0131 s\u00f6ylemi\u015f oldu\u011funa g\u00f6re bilgileri vard\u0131r. Erdo\u011fan, Ankara Cumhuriyet Ba\u015fsavc\u0131l\u0131\u011f\u0131\u2019na gelsin Erdo\u011fan bildiklerini ifade etsin\u2019 dedik\" ifadesini kulland\u0131. (ANKARA) -\u00a0Ankara Cumhuriyet Ba\u015fsavc\u0131l\u0131\u011f\u0131 taraf\u0131ndan CHP'nin 38.hbrlr1.com\/ctlwtiatkckckl","author_name":"Haberler.com","author_url":"https:\/\/www.dailymotion.com\/haberler","width":480,"height":269,"html":"<iframe frameborder=\"0\" width=\"480\" height=\"269\" src=\"https:\/\/geo.dailymotion.com\/player.html?video=x9dvcli&\" allowfullscreen allow=\"autoplay; fullscreen; picture-in-picture; web-share\"><\/iframe>","thumbnail_url":"https:\/\/s1.dmcdn.net\/v\/XqqA61g41gGPthRXJ\/x240","thumbnail_width":427,"thumbnail_height":240}