{"type":"video","version":"1.0","provider_name":"Dailymotion","provider_url":"https:\/\/www.dailymotion.com","title":"7 MINUTES POUR COMPRENDRE - Budget: la ministre du Travail et de l'Emploi plaide pour une taxation des retrait\u00e9s ais\u00e9s","description":"Le d\u00e9bat sur la contribution des retrait\u00e9s au financement de la s\u00e9curit\u00e9 sociale s'intensifie. La ministre du Travail \u00e9voque une participation des retrait\u00e9s ais\u00e9s, suscitant des r\u00e9actions. Les enjeux de solidarit\u00e9 et de niveau de vie des retrait\u00e9s sont au c\u0153ur des discussions politiques.","author_name":"BFM","author_url":"https:\/\/www.dailymotion.com\/BFMTV","width":480,"height":269,"html":"<iframe frameborder=\"0\" width=\"480\" height=\"269\" src=\"https:\/\/geo.dailymotion.com\/player.html?video=x9css2k&\" allowfullscreen allow=\"autoplay; fullscreen; picture-in-picture; web-share\"><\/iframe>","thumbnail_url":"https:\/\/s1.dmcdn.net\/v\/XjyqS1f7y76x3TQ8H\/x240","thumbnail_width":427,"thumbnail_height":240}