{"type":"video","version":"1.0","provider_name":"Dailymotion","provider_url":"https:\/\/www.dailymotion.com","title":"K\u0130L\u0130S'TE, ATAT\u00dcRK'\u00dc ANMA T\u00d6REN\u0130","description":"T\u00dcRK\u0130YE Cumhuriyeti'nin kurucusu Mustafa Kemal Atat\u00fcrk, \u00f6l\u00fcm\u00fcn\u00fcn 85'inci y\u0131ld\u00f6n\u00fcm\u00fcnde Kilis'te d\u00fczenlenen t\u00f6renle an\u0131ld\u0131. Cumhuriyet Meydan\u0131nda d\u00fczenlenen t\u00f6ren, \u00e7elenk sunumu ve sayg\u0131 duru\u015fuyla ba\u015flad\u0131. \u0130stiklal Mar\u015f\u0131 e\u015fli\u011finde T\u00fcrk bayra\u011f\u0131 g\u00f6ndere \u00e7ekildi ve daha sonra yar\u0131ya indirildi. Saat 09: 05'te 2 dakikal\u0131k sayg\u0131 duru\u015funda bulunulan t\u00f6ren s\u0131ras\u0131nda trafikte seyreden ara\u00e7lar da sayg\u0131 duru\u015funa kornalar \u00e7alarak e\u015flik etti.hbrlr1.com\/cywcdcawkckckl","author_name":"Haberler.com","author_url":"https:\/\/www.dailymotion.com\/haberler","width":480,"height":269,"html":"<iframe frameborder=\"0\" width=\"480\" height=\"269\" src=\"https:\/\/geo.dailymotion.com\/player.html?video=x8pipo7&\" allowfullscreen allow=\"autoplay; fullscreen; picture-in-picture; web-share\"><\/iframe>","thumbnail_url":"https:\/\/s2.dmcdn.net\/v\/VOojt1eotDdfz4wXZ\/x240","thumbnail_width":427,"thumbnail_height":240}