{"type":"video","version":"1.0","provider_name":"Dailymotion","provider_url":"https:\/\/www.dailymotion.com","title":"Ermenilerin katletti\u011fi 178 M\u00fcsl\u00fcman'\u0131n toplu mezar\u0131 K\u00fc\u00e7\u00fck \u00c7atma \u015eehitli\u011fi\u2019nin durumu i\u00e7ler ac\u0131s\u0131","description":"\u00c7atma k\u00f6y\u00fcnden genel ve detaylar-\u015eehitlikten genel ve detaylar-Osmanl\u0131ca yaz\u0131l\u0131 kitabeden genel ve detaylar-Hediye Avc\u0131o\u011fullar\u0131'n\u0131n konu\u015fmas\u0131-\u015eehitlikten detaylar-B\u00fclent Turan'\u0131n konu\u015fmas\u0131( KARS  - \u00d6ZEL)- Ermenilerin katletti\u011fi 178 M\u00fcsl\u00fcman\u2019\u0131n toplu mezar\u0131 koruma alt\u0131na al\u0131nmay\u0131 bekliyor- K\u00fc\u00e7\u00fck \u00c7atma \u015eehitli\u011fi bak\u0131ms\u0131zl\u0131ktan harabeye d\u00f6nd\u00fc.   KARS   - Arpa\u00e7ay\u2019a ba\u011fl\u0131 K\u00fc\u00e7\u00fck \u00c7atma k\u00f6y\u00fcnde bulunan Ermeni Ta\u015fnak \u00e7etecileri taraf\u0131ndan katledilen 178 M\u00fcsl\u00fcman\u2019\u0131n toplu mezar\u0131n\u0131n bulundu\u011fu alan bak\u0131ms\u0131zl\u0131ktan dolay\u0131 i\u00e7ler ac\u0131s\u0131 durumda bulunuyor.    \u015eubat 1920\u2019da Ermeni kumandan\u0131 Baratof\u2019un mezaliminden ka\u00e7arak K\u00fc\u00e7\u00fck \u00c7atma k\u00f6y\u00fcne s\u0131\u011f\u0131nan \u00e7o\u011fu \u00e7ocuk ve kad\u0131nlardan olu\u015fan 178 ki\u015fi Ermeni Ta\u015fnak \u00e7etecileri taraf\u0131ndan bir samanl\u0131\u011fa doldurularak katledilmi\u015f. \u015eehit edilen 178 ki\u015fi an\u0131s\u0131na K\u00fc\u00e7\u00fck \u00c7atma k\u00f6yl\u00fcleri taraf\u0131ndan bu alan mezarl\u0131\u011fa d\u00f6n\u00fc\u015ft\u00fcr\u00fclm\u00fc\u015f ve 16x7 metre b\u00fcy\u00fckl\u00fc\u011f\u00fcndeki \u015fehitlik alan\u0131 i\u00e7erisine 9 adet \u015fahide ta\u015f\u0131 ile 1 adet Hicri 1334 tarihli Osmanl\u0131ca yaz\u0131l\u0131 bir kitabe konularak koruma alt\u0131na al\u0131nm\u0131\u015ft\u0131. Ge\u00e7en s\u00fcre i\u00e7erisinde her hangi bir \u00f6nlem al\u0131nmayan \u015fehitli\u011fin son hali g\u00f6renleri \u00fcz\u00fcyor.  \u015eehitli\u011fin hemen yan\u0131 ba\u015f\u0131nda ikametgah etti\u011fini Hediye Avc\u0131o\u011fullar\u0131, Ermenilerin samanl\u0131\u011fa doldurdu\u011fu T\u00fcrkleri katletti\u011fini s\u00f6yledi.  Hediye Avc\u0131o\u011fullar\u0131, \u201cErmeniler burada M\u00fcsl\u00fcmanlar\u0131 \u00f6ld\u00fcrd\u00fcler. Bunlar\u0131 doldurmu\u015flar bir yere, \u00e7oluk, \u00e7ocuk hepsini \u00f6ld\u00fcrm\u00fc\u015fler. Geldiler cesetleri kefenleyerek bir da\u011fa g\u00f6md\u00fcler buraya, buraya \u00e7ekin d\u00fczen vermediler. Buraya bir \u00e7eki d\u00fczen versinler\u201d dedi.    \u201cBurada Ermeniler katliam yapt\u0131\u201d  Ermenilerin K\u00fc\u00e7\u00fck \u00c7atma K\u00f6y\u00fc\u2019nde katliam yapt\u0131\u011f\u0131na dikkat \u00e7eken B\u00fclent Turan, \u201cM\u00fcsl\u00fcmanlar ka\u00e7m\u0131\u015f buraya s\u0131\u011f\u0131nm\u0131\u015flar. Burada Ermeniler bunlar\u0131 katletmi\u015f. Buraya doldurmu\u015flar, kap\u0131y\u0131 kapatm\u0131\u015flar, hepsinin k\u0131l\u0131\u00e7la, s\u00fcng\u00fcyle kafalar\u0131n\u0131 kesmi\u015fler. Biz buray\u0131 kazd\u0131\u011f\u0131m\u0131z zaman cesetleri g\u00f6rd\u00fck. Hepsi kafalar\u0131n\u0131 bir birinin \u00fczerine koyarak vefat etmi\u015fler\u201d diye konu\u015ftu.  K\u00fc\u00e7\u00fck \u00c7atma K\u00f6y\u00fc\u2019nde 2010 y\u0131l\u0131nda yap\u0131lan kaz\u0131da \u00e7\u0131kan cesetler, Ermenilerin yapt\u0131\u011f\u0131 ac\u0131mazs\u0131z katliamlar\u0131 g\u00f6zler \u00f6n\u00fcne bir kez daha sererken, yap\u0131lan kaz\u0131larda giysi, elbise par\u00e7alar\u0131, d\u00fc\u011fme, kemer ve postallar\u0131n yan\u0131 s\u0131ra, \u015fehit edilenlerin kemikleri ve \u00e7ok say\u0131da kafatas\u0131 ortaya \u00e7\u0131kar\u0131lm\u0131\u015ft\u0131. Kaderiyle ba\u015f ba\u015fa b\u0131rak\u0131lan \u015fehitlik tamamen harabeye d\u00f6nd\u00fc. K\u00f6yl\u00fcler ise kendi imkanlar\u0131yla \u015fehitli\u011fi korumaya \u00e7al\u0131\u015f\u0131yor. K\u00f6yl\u00fcler yetkililerden K\u00fc\u00e7\u00fck \u00c7atma \u015eehitli\u011fi\u2019nin koruma alt\u0131na al\u0131nmas\u0131n\u0131 istiyor.  \u015eehit edilen 178 ki\u015fi an\u0131s\u0131na B\u00fcy\u00fck \u00c7atma k\u00f6y\u00fc giri\u015finde bir an\u0131t yapt\u0131r\u0131l\u0131rken, K\u00fc\u00e7\u00fck \u00c7atma k\u00f6y\u00fc i\u00e7erisinde bulunan katliam alan\u0131 yani mezarl\u0131k koruma alt\u0131na al\u0131nmas\u0131na ra\u011fmen g\u00fcn\u00fcm\u00fcze kadar herhangi bir \u015fey yap\u0131lmamas\u0131 ise dikkat \u00e7ekiyor.http:\/\/beyazgazete.com\/video\/webtv\/guncel-1\/ermenilerin-katlettigi-178-musluman-in-toplu-mezari-kucuk-catma-sehitligi-nin-durumu-icler-acisi-780105.html","author_name":"beyazgazete","author_url":"https:\/\/www.dailymotion.com\/beyazgazete","width":480,"height":269,"html":"<iframe frameborder=\"0\" width=\"480\" height=\"269\" src=\"https:\/\/geo.dailymotion.com\/player.html?video=x7o7nac&\" allowfullscreen allow=\"autoplay; fullscreen; picture-in-picture; web-share\"><\/iframe>","thumbnail_url":"https:\/\/s1.dmcdn.net\/v\/RfmMa1eob_khuekti\/x240","thumbnail_width":427,"thumbnail_height":240}