{"type":"video","version":"1.0","provider_name":"Dailymotion","provider_url":"https:\/\/www.dailymotion.com","title":"\u00d6\u011fretmenler korosundan T\u00fcrk Sanat M\u00fczi\u011fi konseri","description":"Tekirda\u011f'da \u00f6\u011fretmenlerden olu\u015fan koro, T\u00fcrk Sanat M\u00fczi\u011fi konseri verdi. Yahya Kemal Beyatl\u0131 K\u00fclt\u00fcr Merkezi'ndeki konserde \u00f6\u011fretmenler, \u015fef Neslihan Erg\u00fcn Arma\u011fan \u00f6nderli\u011finde 18 T\u00fcrk Sanat M\u00fczi\u011fi eserini seslendirdi.Yakla\u015f\u0131k iki saat s\u00fcren konserde, \"D\u00f6n\u00fclmez Ak\u015fam\u0131n Ufkunday\u0131z\", \"G\u00f6zlerinin \u0130\u00e7ine Ba\u015fka Hayal Girmesin\", \"Kimseye Etmem \u015eikayet\" eserleri kat\u0131l\u0131mc\u0131lardan b\u00fcy\u00fck alk\u0131\u015f ald\u0131.Koro \u00fcyesi Suat Ayd\u0131n, konser \u00f6ncesi AA muhabirine yapt\u0131\u011f\u0131 a\u00e7\u0131klamada, koroda her bran\u015ftan \u00f6\u011fretmen bulundu\u011funu s\u00f6yledi.Ayd\u0131n, \u00f6\u011fretmenleri sanatsal faaliyetler i\u00e7inde g\u00f6rmenin mutluluk verici oldu\u011funu belirterek, \"\u00d6\u011fretmenler G\u00fcn\u00fc \u00f6ncesi b\u00f6yle bir konser vermek istedik. Bu ak\u015fam birbirinden g\u00fczel T\u00fcrk Sanat M\u00fczi\u011fi eserlerini icra edece\u011fiz. Kat\u0131l\u0131mc\u0131lara g\u00fczel keyifli bir m\u00fczik \u015f\u00f6leni ya\u015fatmak istiyoruz.\" dedi.Konseri, \u0130l Milli E\u011fitim M\u00fcd\u00fcr\u00fc Ersan Ulusan, okul m\u00fcd\u00fcrleri, \u00f6\u011fretmenler ve veliler izledi.  Haberhttps:\/\/www.haberler.com\/ogretmenler-korosundan-turk-sanat-muzigi-konseri-2-12634962-haberi\/","author_name":"Haberler.com","author_url":"https:\/\/www.dailymotion.com\/haberler","width":480,"height":269,"html":"<iframe frameborder=\"0\" width=\"480\" height=\"269\" src=\"https:\/\/geo.dailymotion.com\/player.html?video=x7o7457&\" allowfullscreen allow=\"autoplay; fullscreen; picture-in-picture; web-share\"><\/iframe>","thumbnail_url":"https:\/\/s2.dmcdn.net\/v\/RfgIx1fvJrWLQpvVW\/x240","thumbnail_width":427,"thumbnail_height":240}