{"type":"video","version":"1.0","provider_name":"Dailymotion","provider_url":"https:\/\/www.dailymotion.com","title":"K\u0131rklareli'de 15 Temmuz Demokrasi ve Milli Birlik G\u00fcn\u00fc","description":"K\u0131rklareli'de 15 Temmuz Demokrasi ve Milli Birlik G\u00fcn\u00fcKIRKLAREL\u0130 - 15 Temmuz Demokrasi ve Milli Birlik G\u00fcn\u00fc kapsam\u0131nda K\u0131rklareli Valili\u011fince K\u0131rklareli \u015eehitli\u011fi'nde bir anma t\u00f6reni d\u00fczenlendi. K\u0131rklareli'de 15 Temmuz Demokrasi ve Milli Birlik G\u00fcn\u00fcKIRKLAREL\u0130 - 15 Temmuz Demokrasi ve Milli Birlik G\u00fcn\u00fc kapsam\u0131nda K\u0131rklareli Valili\u011fince K\u0131rklareli \u015eehitli\u011fi'nde bir anma t\u00f6reni d\u00fczenlendi. \u015eehitler i\u00e7in dualar edilen anma t\u00f6reninde, aileler duygusal anlar ya\u015fad\u0131. K\u0131rklareli Valili\u011fi taraf\u0131ndan, 15 Temmuz Hain darbe giri\u015fiminin 3'\u00fcnc\u00fc y\u0131l d\u00f6n\u00fcm\u00fc dolay\u0131s\u0131yla K\u0131rklareli \u015eehitli\u011finde 15 Temmuz \u015eehitli\u011fi'nde anma program\u0131 d\u00fczenlendi. Programa K\u0131rklareli Valisi Osman Bilin, kurum ve kurulu\u015f m\u00fcd\u00fcrleri ve \u015fehit aileleri kat\u0131ld\u0131. Sayg\u0131 duru\u015fu ve \u0130stiklal Mar\u015f\u0131n\u0131n okunmas\u0131n\u0131n ar\u0131d\u0131ndan Kur'an-\u0131 Kerim'in tilveti okundu.Kur'an-\u0131 Kerim'in tilvetinin okunmas\u0131n\u0131n ard\u0131ndan K\u0131rklareli Valisi Osman Bilgin konu\u015fma yapt\u0131.  Haberhttps:\/\/www.haberler.com\/kirklareli-de-15-temmuz-demokrasi-ve-milli-birlik-12246916-haberi\/","author_name":"Haberler.com","author_url":"https:\/\/www.dailymotion.com\/haberler","width":480,"height":269,"html":"<iframe frameborder=\"0\" width=\"480\" height=\"269\" src=\"https:\/\/geo.dailymotion.com\/player.html?video=x7dbs8g&\" allowfullscreen allow=\"autoplay; fullscreen; picture-in-picture; web-share\"><\/iframe>","thumbnail_url":"https:\/\/s1.dmcdn.net\/v\/Qa0om1fv8Ftwys0Nv\/x240","thumbnail_width":427,"thumbnail_height":240}