{"type":"video","version":"1.0","provider_name":"Dailymotion","provider_url":"https:\/\/www.dailymotion.com","title":"\u00d6demi\u015f'te 'Karde\u015flik' temal\u0131 resim sergisi - \u0130ZM\u0130R","description":"\u00d6demi\u015f'te \"Karde\u015flik\" temal\u0131 resim sergisi  -  \u0130ZM\u0130R -  \u00d6demi\u015f bademli orta okulu m\u00fcd\u00fcr\u00fc Ramazan G\u00f6\u00e7en konu\u015fmas\u0131 -  Suriyeli Muhammed Elh\u00fcseyin in konu\u015fmas\u0131 -  Suriyeli Hibe Elh\u00fcseyin'in konu\u015fmas\u0131 -  Sergiden detay g\u00f6r\u00fcnt\u00fcler\u00d6demi\u015f'te \"Karde\u015flik\" temal\u0131 resim sergisi\u0130ZM\u0130R (AA)  -   \u0130zmir 'in \u00d6demi\u015f il\u00e7esinde Suriyeli ve T\u00fcrk \u00f6\u011frencilerin yapt\u0131\u011f\u0131 resim \u00e7al\u0131\u015fmalar\u0131n\u0131n yer ald\u0131\u011f\u0131 \"Karde\u015flik\" temal\u0131 resim sergisi a\u00e7\u0131ld\u0131.\u00d6demi\u015f \u00d6\u011fretmenevi'nde ger\u00e7ekle\u015ftirilen serginin a\u00e7\u0131l\u0131\u015f\u0131nda konu\u015fan Bademli Ortaokulu M\u00fcd\u00fcr\u00fc Ramazan G\u00f6\u00e7en, sergide Suriyeli \u00f6\u011frenciler ile \u0130stanbul ve \u00d6demi\u015f'teki \u00f6\u011frencilerin bir arada yapt\u0131\u011f\u0131 ya\u011fl\u0131 boya ve siyah beyaz karakalem resim \u00e7al\u0131\u015fmalar\u0131n\u0131n yer ald\u0131\u011f\u0131n\u0131 dile getirdi.\u00d6demi\u015f \u0130l\u00e7e Milli E\u011fitim M\u00fcd\u00fcr\u00fc Bahattin Geng\u00f6r\u00fc, sergiye kat\u0131lmaktan memnuniyet duydu\u011funu belirterek, \"\u00c7ok g\u00fczel \u00e7al\u0131\u015fmalar var. E\u011fitimin amac\u0131 da zaten yetenekleri ve insan\u0131n i\u00e7indeki g\u00fczellikleri ortaya \u00e7\u0131karmak.\" dedi.Sergiye karde\u015fleriyle kat\u0131lan Muhammed El H\u00fcseyin, \"Sergiye 3 karde\u015f olarak kat\u0131ld\u0131k. Burada \u015fehitlerimizin resimlerini \u00e7izdik. Ayr\u0131ca say\u0131n Cumhurba\u015fkan\u0131m\u0131z Recep Tayyip Erdo\u011fan ve e\u015fi Emine Erdo\u011fan'\u0131n da resimlerini \u00e7izdik.\"dedi.Sergide ayr\u0131ca 2009 y\u0131l\u0131nda Siirt'de \u015fehit olan astsubay Murat Ta\u015f'\u0131n resmini \u00e7izen Hibe El H\u00fcseyin'in \u00e7izdi\u011fi bu resmi a\u00e7\u0131l\u0131\u015f  \u00f6ncesinde \u015fehit annesi Neriman Ta\u015f'a hediye etmesi Ta\u015f'\u0131 duyguland\u0131rd\u0131.http:\/\/beyazgazete.com\/video\/webtv\/guncel-1\/odemis-te-kardeslik-temali-resim-sergisi-izmir-702530.html","author_name":"beyazgazete","author_url":"https:\/\/www.dailymotion.com\/beyazgazete","width":480,"height":269,"html":"<iframe frameborder=\"0\" width=\"480\" height=\"269\" src=\"https:\/\/geo.dailymotion.com\/player.html?video=x77dat4&\" allowfullscreen allow=\"autoplay; fullscreen; picture-in-picture; web-share\"><\/iframe>","thumbnail_url":"https:\/\/s2.dmcdn.net\/v\/Pzrhu1e0JP7DNJ129\/x240","thumbnail_width":427,"thumbnail_height":240}