{"type":"video","version":"1.0","provider_name":"Dailymotion","provider_url":"https:\/\/www.dailymotion.com","title":"Mustafa Erdo\u011fan'\u0131 \u0130ftarda A\u011f\u0131rlayan G\u00fclben Ergen'den Ders Gibi Payla\u015f\u0131m","description":"G\u00fclben Ergen, eski e\u015fi Mustafa Erdo\u011fan'la \u00e7ocuklar\u0131 i\u00e7in iftarda bir araya geldi. Ergen, ailecek \u00e7ektikleri selfie'yi Instagram hesab\u0131ndan ders niteli\u011finde bir notla payla\u015ft\u0131. G\u00fclben Ergen, 3 \u00e7ocu\u011funun da babas\u0131 olan Mustafa Erdo\u011fan'\u0131 iftarda a\u011f\u0131rlad\u0131. 2012 y\u0131l\u0131nda bo\u015fanan Mustafa Erdo\u011fan ve G\u00fclben Ergen, \u00e7ocuklar\u0131 i\u00e7in s\u0131k s\u0131k bir araya geliyor. Hatta ge\u00e7ti\u011fimiz aylarda Mustafa Erdo\u011fan, \u00e7ocuklar\u0131 i\u00e7in birlikte ya\u015fayabileceklerini s\u00f6ylemi\u015fti. \"ANNEL\u0130K BABALIK B\u0130R \u00d6M\u00dcR BOYU S\u00dcRER\" G\u00fclben Ergen, iftar sonras\u0131 \u00e7ocuklar\u0131 ve Mustafa Erdo\u011fan'la birlikte \u00e7ektikleri selfie'yi Instagram hesab\u0131ndan ders niteli\u011finde bir notla payla\u015ft\u0131.  \u0130\u015fte G\u00fclben Ergen'in payla\u015f\u0131m\u0131na ekledi\u011fi not: \u0130ftar sofram\u0131zda misafirimiz vard\u0131 Mustafa Erdo\u011fan...  Haberhttp:\/\/haberler.com\/mustafa-erdogan-i-iftarda-agirlayan-gulben-ergen-9669393-haberi\/","author_name":"Haberler.com","author_url":"https:\/\/www.dailymotion.com\/haberler","width":480,"height":269,"html":"<iframe frameborder=\"0\" width=\"480\" height=\"269\" src=\"https:\/\/geo.dailymotion.com\/player.html?video=x5o7r3i&\" allowfullscreen allow=\"autoplay; fullscreen; picture-in-picture; web-share\"><\/iframe>","thumbnail_url":"https:\/\/s1.dmcdn.net\/v\/KST3k1eodfww3hKv0\/x240","thumbnail_width":456,"thumbnail_height":240}